{"id":744,"date":"2020-02-13T10:42:00","date_gmt":"2020-02-13T09:42:00","guid":{"rendered":"http:\/\/www.caivoghera.it\/wordpress\/?page_id=744"},"modified":"2020-03-01T21:56:31","modified_gmt":"2020-03-01T20:56:31","slug":"la-nostra-storia","status":"publish","type":"page","link":"https:\/\/www.caivoghera.it\/wordpress\/index.php\/chi-siamo\/la-nostra-storia\/","title":{"rendered":"La Nostra Storia"},"content":{"rendered":"<p style=\"text-align: left;\"><strong><em data-rich-text-format-boundary=\"true\">L\u2019essere gente di montagna e che ama la montagna racchiude in s\u00e9 i\u00a0 valori di Onest\u00e0 Generosit\u00e0 Disponibilit\u00e0 verso il prossimo, Correttezza\u00a0 reciproca, Amicizia vera al punto di non avere riserve verso le altre genti\u00a0 e di non avere difficolt\u00e0 a guardare negli occhi il viandante che\u00a0 incroci sui sentieri e che saluti col sorriso aperto, con la gioia di\u00a0 scambiare quel saluto come raramente avviene ormai in citt\u00e0, tra\u00a0 \u201ccittadini\u201d.<\/em><\/strong><\/p>\n<hr \/>\n<p class=\"western\" align=\"justify\"><span style=\"font-family: Times New Roman, serif;\">La sezione del C.A.I. di Voghera nasce nel febbraio del 1928, 65 anni dopo la fondazione del sodalizio in Italia avvenuta a Torino nel 1864, per volont\u00e0 di un gruppo di appassionati della montagna provenienti dal <\/span><span style=\"font-family: Times New Roman, serif;\"><b>Gruppo Escursionisti Vogheresi (G.E.V.)<\/b><\/span><span style=\"font-family: Times New Roman, serif;\">.<\/span><\/p>\n<p class=\"western\" align=\"justify\"><span style=\"font-family: Times New Roman, serif;\">Tale gruppo si costituisce nel marzo del 1911 all\u2019interno della <\/span><span style=\"font-family: Times New Roman, serif;\"><b>Unione Ginnastica Vogherese (U.G.V.)<\/b><\/span><span style=\"font-family: Times New Roman, serif;\"> fondata nell\u2019ottobre del 1894 ed il suo interesse \u00e8 rivolto in modo particolare alle escursioni ma con prevalente tendenza alle gite in montagna diversificando le attivit\u00e0 tra chi ama la roccia e l\u2019arrampicata e chi preferisce i sentieri o lo sci alpinismo.<\/span><\/p>\n\n\n<figure class=\"wp-block-image size-large\"><img decoding=\"async\" loading=\"lazy\" width=\"304\" height=\"481\" src=\"http:\/\/www.caivoghera.it\/wordpress\/wp-content\/uploads\/2020\/02\/Alfredo-Baravalle.png\" alt=\"\" class=\"wp-image-745\" srcset=\"https:\/\/www.caivoghera.it\/wordpress\/wp-content\/uploads\/2020\/02\/Alfredo-Baravalle.png 304w, https:\/\/www.caivoghera.it\/wordpress\/wp-content\/uploads\/2020\/02\/Alfredo-Baravalle-250x396.png 250w, https:\/\/www.caivoghera.it\/wordpress\/wp-content\/uploads\/2020\/02\/Alfredo-Baravalle-120x190.png 120w\" sizes=\"(max-width: 304px) 100vw, 304px\" \/><figcaption>Alfredo Baravalle<\/figcaption><\/figure>\n\n\n<p class=\"western\" align=\"justify\"><span class=\"sd-abs-pos\">&nbsp;<\/span><span style=\"font-family: Times New Roman, serif;\">La presidenza del G.E.V. \u00e8 affidata al Cav. Alfredo rag. Baravalle. Nato a Voghera nel 1873, appena diplomato ragioniere \u00e8 gi\u00e0 tra i sindaci dell&#8217;Unione Ginnastica Vogherese e nel 1911 \u00e8 il promotore del Gruppo Escursionisti Vogheresi insieme a Luigi Gerola che lo affiancher\u00e0 nel corso degli anni.<\/span><\/p>\n<p class=\"western\" align=\"justify\"><span style=\"font-family: Times New Roman, serif;\">E&#8217; un ragioniere e come tale stimato e richiesto e non disdegna le cariche pubbliche. Si presenta come volontario alla prima guerra mondiale e viene decorato con la Croce al merito di Guerra e successivamente gli viene concessa una Medaglia di Benemerenza.<\/span><\/p>\n<p class=\"western\" align=\"justify\"><span style=\"font-family: Times New Roman, serif;\">E&#8217; un amante della natura, infatuato della bellezza delle nostre colline delle quali conosce ogni angolo e tra le quali gira spessissimo da solo immerso nei suoi pensieri.<\/span><\/p>\n<p class=\"western\" align=\"justify\"><span style=\"font-family: Times New Roman, serif;\">Le attivit\u00e0 del G.E.V. sono condizionate anche dalle esigenze e dagli eventi di quel periodo: sono gli anni della guerra in Libia, della Prima e della Seconda Guerra Mondiale, dei combattimenti in Etiopia ed in Spagna e dell&#8217;avvento del Fascismo.<\/span><\/p>\n<p class=\"western\" align=\"justify\"><span style=\"font-family: Times New Roman, serif;\">Nel dicembre del 1927, in seguito alla crisi societaria dell&#8217;Unione Ginnastica Vogherese promuove, con Luigi Gerola ed altri, il distacco degli Escursionisti dall&#8217;U.G.V. per costituire la sezione C.A.I. di Voghera della quale sar\u00e0 presidente fino al 1945.<\/span><\/p>\n<p class=\"western\" align=\"justify\"><span style=\"font-family: Times New Roman, serif;\">La quota di adesione annuale \u00e8 di 30 Lire + 2 Lire per l&#8217;iscrizione.<\/span><\/p>\n<p class=\"western\" align=\"justify\"><span style=\"font-family: Times New Roman, serif;\">Considerate le difficolt\u00e0 economiche del periodo e la disoccupazione diffusa, \u00e8 chiaro che le spese di iscrizione e per la partecipazione alle gite domenicali o alle settimane sia invernali che estive possono essere sostenute solo dai cittadini della piccola e media borghesia, i cosiddetti benestanti. <\/span><\/p>\n<p class=\"western\" align=\"justify\"><span style=\"font-family: Times New Roman, serif;\">Nel mese che intercorre tra il 18 febbraio e il 18 marzo 1928 il C.A.I. di Voghera ottiene il riconoscimento ufficiale ed elegge il direttivo della Sezione: la 149^ dalla fondazione del C.A.I.<\/span><\/p>\n<p class=\"western\" align=\"justify\"><span style=\"font-family: Times New Roman, serif;\">La compongono inizialmente 50 soci che a fine anno diventano 75.<\/span><\/p>\n<p class=\"western\" align=\"justify\"><span style=\"font-family: Times New Roman, serif;\">Il primo presidente \u00e8 Alfredo Baravalle affiancato da 6 soci che costituiscono il 1\u00b0 Consiglio che risulta cos\u00ec composto:<\/span><\/p>\n\n\n<figure class=\"wp-block-table\"><table class=\"\"><tbody><tr><td>Presidente <br>Vice Pres. <br>Segretario<\/td><td>Baravalle Alfredo <br>Uberti Arnaldo<br>Gerola Luigi<\/td><td>Cons.   Maiocchi Giovanni<br>Cons.   Baudasso Domenico<br>Cons.   Bernini Luigi<br>Cons.   Saragoni Guido<br>Cons.   Gerola Luigi<br>Cons.   Uberti Arnaldo <\/td><\/tr><\/tbody><\/table><\/figure>\n\n\n<p class=\"western\"><span style=\"font-family: Times New Roman, serif;\">La sede \u00e8 presso il Palazzo Municipale di Voghera.<\/span><\/p>\n<p class=\"western\" align=\"justify\"><span style=\"font-family: Times New Roman, serif;\">Il 1931 \u00e8 l&#8217;anno di adeguamento al nuovo Statuto Nazionale del C.A.I. e il numero degli iscritti sale a 282. In quell&#8217;anno Voghera conta 25.048 abitanti.<\/span><\/p>\n<p class=\"western\" align=\"justify\"><span style=\"font-family: Times New Roman, serif;\">Nel 1938 nasce l&#8217;idea di realizzare un rifugio di propriet\u00e0 della sezione sul nostro appennino in quanto dal Passo Brallo in poi non esistono punti di riparo affidabili. L&#8217;ipotesi di realizzare un rifugio in muratura viene scartata a priori per l&#8217;impegno economico che richiede: la soluzione per\u00f2 \u00e8 a portata di mano.<\/span><\/p>\n<p class=\"western\" align=\"justify\"><span style=\"font-family: Times New Roman, serif;\">Il dottor Angelo Nassano mette a disposizione i mezzi economici e si compra il chiosco di Piazza Meardi adibito alla vendita di bibite e dolci; i giovani mettono a disposizione la forza bruta.<\/span><\/p>\n<p class=\"western\" align=\"justify\"><span style=\"font-family: Times New Roman, serif;\">Il chiosco viene smontato, caricato su un autocarro e portato verso cima Colletta; poi pezzo su pezzo lo si rimonta su un terreno faticosamente messo insieme comprandolo da una miriade di proprietari in quanto lass\u00f9 le propriet\u00e0 sono polverizzate a causa delle ripetute divisioni ereditarie.<\/span><\/p>\n<p class=\"western\" align=\"justify\"><span style=\"font-family: Times New Roman, serif;\">Domenica 28 maggio 1939 il \u201cCentro Alpinistico Italiano\u201d inaugura il rifugio intitolato a Vittorio Nassano, caduto durante la Prima guerra mondiale.<\/span><\/p>\n<p class=\"western\" align=\"justify\"><span style=\"font-family: Times New Roman, serif;\">Il costo dell&#8217;operazione \u00e8 stato di 2.035,80 Lire.<\/span><\/p>\n\n\n<figure class=\"wp-block-image size-large\"><img decoding=\"async\" loading=\"lazy\" width=\"700\" height=\"603\" src=\"http:\/\/www.caivoghera.it\/wordpress\/wp-content\/uploads\/2020\/02\/il-rifugio-700x603.png\" alt=\"\" class=\"wp-image-747\" srcset=\"https:\/\/www.caivoghera.it\/wordpress\/wp-content\/uploads\/2020\/02\/il-rifugio-700x603.png 700w, https:\/\/www.caivoghera.it\/wordpress\/wp-content\/uploads\/2020\/02\/il-rifugio-250x215.png 250w, https:\/\/www.caivoghera.it\/wordpress\/wp-content\/uploads\/2020\/02\/il-rifugio-768x661.png 768w, https:\/\/www.caivoghera.it\/wordpress\/wp-content\/uploads\/2020\/02\/il-rifugio-120x103.png 120w, https:\/\/www.caivoghera.it\/wordpress\/wp-content\/uploads\/2020\/02\/il-rifugio.png 800w\" sizes=\"(max-width: 700px) 100vw, 700px\" \/><\/figure>\n\n\n<p class=\"western\" align=\"justify\"><span style=\"font-family: Times New Roman, serif;\">Con lo scoppio della Seconda Guerra Mondiale i militari requisiscono la capanna-rifugio per utilizzarla come avamposto di osservazione antiaerea: ne uscir\u00e0 pressoch\u00e8 distrutta anche perch\u00e8 le parti in legno sono state asportate e utilizzate come legna da ardere.<\/span><\/p>\n<p class=\"western\" align=\"justify\"><span style=\"font-family: Times New Roman, serif;\">Gi\u00e0 nel 1942 la sezione tenta di rientrare in possesso dell&#8217;area di propriet\u00e0 ma viene bloccata dalle autorit\u00e0 militari; la vicenda trover\u00e0 una conclusione definitiva solo negli anni sessanta.<\/span><\/p>\n<p class=\"western\" align=\"justify\"><span style=\"font-family: Times New Roman, serif;\">Nel 1945, terminato il conflitto, il C.A.I. riprende le normali attivit\u00e0 amministrative, viene nominato un nuovo direttivo ed il presidente Baravalle viene sostituito da Raffaello Zani, ferroviere macchinista di origine veronese trasferito al deposito di Voghera negli anni &#8217;40.<\/span><\/p>\n<p class=\"western\" align=\"justify\"><span style=\"font-family: Times New Roman, serif;\">Il nuovo corso si fa sentire da subito con uno degli atti fondamentali per un organismo democratico: la stesura dello Statuto con la definizione degli organi statutari. Il 28 gennaio 1946 si tengono le prime elezioni di rinnovo delle cariche secondo le regole democraticamente scritte ed accettate dall&#8217;assemblea dei soci. Viene eletto Presidente il Dr. Felice Nassano che lascer\u00e0 il posto dopo 6 anni al Dr. Enzo Bergonzoli.<\/span><\/p>\n<p class=\"western\" align=\"justify\"><span style=\"font-family: Times New Roman, serif;\">Da questo momento inizia una nuova era per la sezione di Voghera del C.A.I.: non pi\u00f9 un club d&#8217;elite ma aperto a tutti i ceti.<\/span><\/p>\n<p class=\"western\" align=\"justify\"><span style=\"font-family: Times New Roman, serif;\">La nuova gestione riserva priorit\u00e0 assoluta al recupero del rifugio: sar\u00e0 in muratura e sorger\u00e0 sulle rovine della vecchia struttura sul terreno di propriet\u00e0 donato dai Nassano. Superate le difficolt\u00e0 burocratiche e logistiche relative al trasporto dei materiali e alla disastrosa condizione delle strade, il 22 settembre 1946 viene inaugurato il nuovo rifugio che pu\u00f2 ricevere fino a 20 ospiti: \u00e8 intitolato a Vittorio e Aristide Nassano ed \u00e8 abbellito artisticamente da un affresco del prof. Ambrogio Casati.<\/span><\/p>\n\n\n<figure class=\"wp-block-image size-large\"><img decoding=\"async\" loading=\"lazy\" width=\"700\" height=\"481\" src=\"http:\/\/www.caivoghera.it\/wordpress\/wp-content\/uploads\/2020\/02\/inaugurazione-del-rifugio-700x481.png\" alt=\"\" class=\"wp-image-748\" srcset=\"https:\/\/www.caivoghera.it\/wordpress\/wp-content\/uploads\/2020\/02\/inaugurazione-del-rifugio-700x481.png 700w, https:\/\/www.caivoghera.it\/wordpress\/wp-content\/uploads\/2020\/02\/inaugurazione-del-rifugio-250x172.png 250w, https:\/\/www.caivoghera.it\/wordpress\/wp-content\/uploads\/2020\/02\/inaugurazione-del-rifugio-768x528.png 768w, https:\/\/www.caivoghera.it\/wordpress\/wp-content\/uploads\/2020\/02\/inaugurazione-del-rifugio-120x83.png 120w, https:\/\/www.caivoghera.it\/wordpress\/wp-content\/uploads\/2020\/02\/inaugurazione-del-rifugio.png 925w\" sizes=\"(max-width: 700px) 100vw, 700px\" \/><\/figure>\n\n\n<p class=\"western\" align=\"justify\"><span style=\"font-family: Times New Roman, serif;\">Per il rifugio si spesero 379.000 lire e per raccogliere i fondi necessari furono promosse anche negli anni seguenti delle \u201cVeglie danzanti\u201d.<\/span><\/p>\n<p class=\"western\" align=\"justify\"><span style=\"font-family: Times New Roman, serif;\">Gli anni successivi scorrono tra gite e gare sciistiche in inverno ed escursioni e soggiorni anche settimanali nei mesi estivi sulle Alpi e sul nostro Appennino. Si comincia anche ad organizzare corsi di apprendimento delle metodologie con le quali si affrontano le difficolt\u00e0 in alta montagna.<\/span><\/p>\n<p class=\"western\" align=\"justify\"><span style=\"font-family: Times New Roman, serif;\">Nel marzo del 1960 la sezione si adopera per la realizzazione di una sciovia a cima Colletta ma la difficolt\u00e0 nel reperire i fondi fa slittare l&#8217;operazione al 1964 quando due soci, Amedeo Para e Eugenio Lugli, riescono ad assemblare un \u201cbaby\u201d, una sciovia portatile alla quale ci si attaccava per mezzo di maniglie: era lungo quanto il campetto per principianti che fiancheggiava il rifugio.<\/span><\/p>\n<p class=\"western\" align=\"justify\"><span style=\"font-family: Times New Roman, serif;\">A fine 1967 si costituisce lo Sci \u2013 CAI Voghera ed all\u2019interno della sezione avr\u00e0 una vita parallela a quella del gruppo escursionista ed alpinistico, con un nucleo dirigente ed un proprio logo. Sotto questa insegna un folto stuolo di fanatici dello sci si presentano e prendono parte negli anni successivi alle numerose gare promosse in ambito Provinciale e Regionale dove si mette in evidenza la giovane Silvia Bettaglio.<\/span><\/p>\n<p class=\"western\" align=\"justify\"><span style=\"font-family: Times New Roman, serif;\">Grazie a questa attivit\u00e0 approdano al C.A.I. 40 nuovi iscritti.<\/span><\/p>\n<p class=\"western\" align=\"justify\"><span style=\"font-family: Times New Roman, serif;\">Prosegue intanto l&#8217;attivit\u00e0 degli scalatori che affrontano \u201cquattromila\u201d impegnativi e difficili ferrate.<\/span><\/p>\n<p class=\"western\" align=\"justify\"><span style=\"font-family: Times New Roman, serif;\">Agli inizi degli anni &#8217;70 si registra un forte calo degli iscritti, i giovani hanno altri interessi; viene per\u00f2 promossa una lodevole iniziativa da parte del consigliere Carlini: per la prima volta si parla di protezione della natura e di montagna pulita, mentre l&#8217;attivit\u00e0 montana \u00e8 seguita da pochi.<\/span><\/p>\n<p class=\"western\" align=\"justify\"><span style=\"font-family: Times New Roman, serif;\">Nel 1977 i soci sono ridotti a poco pi\u00f9 di un centinaio e ci\u00f2 che \u00e8 peggio \u00e8 che in montagna ci vanno, ma in ordine sparso; si \u00e8 spenta la funzione pi\u00f9 qualificante del sodalizio: la socializzazione e l&#8217;attivit\u00e0 di gruppo.<\/span><\/p>\n<p class=\"western\" align=\"justify\"><span style=\"font-family: Times New Roman, serif;\">Negli anni &#8217;80 alcuni soci si adoperano per segnare i sentieri a Pianostano e al Lesima.<\/span><\/p>\n<p class=\"western\" align=\"justify\"><span style=\"font-family: Times New Roman, serif;\">Il 1986 \u00e8 da ricordare come l&#8217;anno della rinascita: si invitano a Voghera nomi di prestigio dell&#8217;alpinismo classico, dello sci estremo e dell&#8217;arrampicata su ghiaccio per un ciclo di serate-conferenza.<\/span><\/p>\n<p class=\"western\" align=\"justify\"><span style=\"font-family: Times New Roman, serif;\">Per la prima volta il gruppo si attiva per tracciare e mantenere una pista di fondo tra il Colletta e il Giov\u00e0; si tengono lezioni teoriche di Free Climbing; le gite programmate tornano ad essere pi\u00f9 numerose.<\/span><\/p>\n<p class=\"western\" align=\"justify\"><span style=\"font-family: Times New Roman, serif;\">Viene eletto Presidente Franco Brambati che sostituisce dopo 35 anni il dott. Enzo Bergonzoli e rester\u00e0 in carica fino al dicembre 1990. Gli succeder\u00e0 Adelio Ferri, uno dei pi\u00f9 assidui frequentatori della sezione e delle attivit\u00e0 programmate.<\/span><\/p>\n<p class=\"western\" align=\"justify\"><span style=\"font-family: Times New Roman, serif;\">Negli anni &#8217;90 la sezione si rivitalizza, c&#8217;\u00e8 un rinnovato interesse per la montagna, arrivano nuovi giovani e si organizza un corso di arrampicata su roccia. Nel 1993 tre soci C.A.I. Baldazzi, Stafforini e Bonanno, aprono nuovi itinerari in arrampicata invernale sulla parete Nord-Est del monte Lesima e la notizia \u00e8 riportata sulla stampa specializzata.<\/span><\/p>\n<p class=\"western\" align=\"justify\"><span style=\"font-family: Times New Roman, serif;\">Alla morte di Adelio Ferri nell&#8217;agosto del 1993, viene eletto Presidente Ettore Puppo, genovese di nascita che approda a Voghera nel 1974 e si iscrive alla sezione C.A.I. nel 1988. Oltre al gran lavoro svolto viene ricordato essenzialmente per le sue capacit\u00e0 di aggregazione e promozione delle attivit\u00e0 di gruppo.<\/span><\/p>\n<p class=\"western\" align=\"justify\"><span style=\"font-family: Times New Roman, serif;\">Gli anni 1996-1997 vedono l&#8217;introduzione di novit\u00e0 in senso assoluto per Voghera: grazie ad Alessandro Lodi, Giuseppe Stafforini, Antonio Baldazzi e Mario Panizza si d\u00e0 vita alla Speleologia. Alla prima escursione partecipano in 40 e inoltre viene proposto un corso specifico per affinare le tecniche e garantire la massima sicurezza per tutti coloro che vogliono affrontare questa disciplina.<\/span><\/p>\n<p class=\"western\" align=\"justify\"><span style=\"font-family: Times New Roman, serif;\">Si attiva anche un progetto educativo \u201cAdolescenti in montagna\u201d particolarmente mirato per i minori ospitati nella comunit\u00e0 del Centro Sociale di Voghera.<\/span><\/p>\n<p class=\"western\" align=\"justify\"><span style=\"font-family: Times New Roman, serif;\">Il resto&#8230; \u00e8 storia recente.<\/span><\/p>\n\n\n<p class=\"has-small-font-size\"><em> (Testi e contenuti tratti da \u201cSETTANT&#8217;ANNI DI STORIA VOGHERESE \u2013 Diario quasi quotidiano dal 1928 al 1998 raccontato attraverso il Club Alpino Italiano\u201d di V. Dabusti e T. Giudice \u2013 Edito da Comune di Voghera e C.E.O. Cooperativa Editoriale Oltrepo)<\/em><\/p>\n","protected":false},"excerpt":{"rendered":"L\u2019essere gente di montagna e che ama la montagna racchiude in s\u00e9 i\u00a0 valori di Onest\u00e0 Generosit\u00e0 Disponibilit\u00e0 verso il prossimo, Correttezza\u00a0 reciproca, Amicizia vera al punto di non avere riserve verso le altre genti\u00a0 e di non avere difficolt\u00e0 a guardare negli occhi il viandante che\u00a0 incroci sui sentieri e che saluti col sorriso&#8230; <a class=\"view-article\" href=\"https:\/\/www.caivoghera.it\/wordpress\/index.php\/chi-siamo\/la-nostra-storia\/\">Mostra articolo<\/a>","protected":false},"author":1,"featured_media":0,"parent":79,"menu_order":0,"comment_status":"closed","ping_status":"closed","template":"template_nosidebar.php","meta":{"footnotes":""},"_links":{"self":[{"href":"https:\/\/www.caivoghera.it\/wordpress\/index.php\/wp-json\/wp\/v2\/pages\/744"}],"collection":[{"href":"https:\/\/www.caivoghera.it\/wordpress\/index.php\/wp-json\/wp\/v2\/pages"}],"about":[{"href":"https:\/\/www.caivoghera.it\/wordpress\/index.php\/wp-json\/wp\/v2\/types\/page"}],"author":[{"embeddable":true,"href":"https:\/\/www.caivoghera.it\/wordpress\/index.php\/wp-json\/wp\/v2\/users\/1"}],"replies":[{"embeddable":true,"href":"https:\/\/www.caivoghera.it\/wordpress\/index.php\/wp-json\/wp\/v2\/comments?post=744"}],"version-history":[{"count":4,"href":"https:\/\/www.caivoghera.it\/wordpress\/index.php\/wp-json\/wp\/v2\/pages\/744\/revisions"}],"predecessor-version":[{"id":1026,"href":"https:\/\/www.caivoghera.it\/wordpress\/index.php\/wp-json\/wp\/v2\/pages\/744\/revisions\/1026"}],"up":[{"embeddable":true,"href":"https:\/\/www.caivoghera.it\/wordpress\/index.php\/wp-json\/wp\/v2\/pages\/79"}],"wp:attachment":[{"href":"https:\/\/www.caivoghera.it\/wordpress\/index.php\/wp-json\/wp\/v2\/media?parent=744"}],"curies":[{"name":"wp","href":"https:\/\/api.w.org\/{rel}","templated":true}]}}